{"id":55,"date":"2016-01-11T09:14:44","date_gmt":"2016-01-11T09:14:44","guid":{"rendered":"http:\/\/demo.vegatheme.com\/gocargo\/?page_id=55"},"modified":"2024-05-21T00:30:34","modified_gmt":"2024-05-21T00:30:34","slug":"contact","status":"publish","type":"page","link":"https:\/\/www.meridian-cargo.com\/es\/contact\/","title":{"rendered":"Contact Us"},"content":{"rendered":"<div class=\"wpb-content-wrapper\"><section class=\"wpb_row vc_row-fluid wpb_animate_when_almost_visible wpb_fadeInDown fadeInDown vc_custom_1714879786571\"><div class=\"container\"><div class=\"row\"><div class=\"wpb_column vc_column_container vc_col-sm-6 vc_col-has-fill\"><div class=\"vc_column-inner vc_custom_1714879756387\"><div class=\"wpb_wrapper wow fadeInLeft\"  ><div class=\"wpb_gmaps_widget wpb_content_element\"><div class=\"wpb_wrapper\"><div class=\"wpb_map_wraper\"><iframe src=\"https:\/\/www.google.com\/maps\/embed?pb=!1m18!1m12!1m3!1d3761.5020226449537!2d-99.0983278250118!3d19.477025639261086!2m3!1f0!2f0!3f0!3m2!1i1024!2i768!4f13.1!3m3!1m2!1s0x85d1fbd3f4e72359%3A0xc8c3c76995c2b4d!2sCalz.%20San%20Juan%20de%20Arag%C3%B3n%20439%2C%20DM%20Nacional%2C%20San%20Pedro%20el%20Chico%2C%20Gustavo%20A.%20Madero%2C%2007450%20Ciudad%20de%20M%C3%A9xico%2C%20CDMX!5e0!3m2!1ses-419!2smx!4v1714879158606!5m2!1ses-419!2smx\" width=\"600\" height=\"450\" style=\"border:0;\" allowfullscreen=\"\" loading=\"lazy\" referrerpolicy=\"no-referrer-when-downgrade\"><\/iframe><\/div><\/div><\/div><\/div><\/div><\/div><div class=\"wpb_column vc_column_container vc_col-sm-6 vc_col-has-fill\"><div class=\"vc_column-inner vc_custom_1714879765572\"><div class=\"wpb_wrapper wow fadeInRight\"  >\n<div class=\"wpcf7 no-js\" id=\"wpcf7-f318-o1\" lang=\"en-US\" dir=\"ltr\">\n<div class=\"screen-reader-response\"><p role=\"status\" aria-live=\"polite\" aria-atomic=\"true\"><\/p> <ul><\/ul><\/div>\n<form action=\"\/es\/wp-json\/wp\/v2\/pages\/55#wpcf7-f318-o1\" method=\"post\" class=\"wpcf7-form init\" aria-label=\"Contact form\" novalidate=\"novalidate\" data-status=\"init\" data-trp-original-action=\"\/es\/wp-json\/wp\/v2\/pages\/55#wpcf7-f318-o1\">\n<div style=\"display: none;\">\n<input type=\"hidden\" name=\"_wpcf7\" value=\"318\" \/>\n<input type=\"hidden\" name=\"_wpcf7_version\" value=\"5.9.3\" \/>\n<input type=\"hidden\" name=\"_wpcf7_locale\" value=\"en_US\" \/>\n<input type=\"hidden\" name=\"_wpcf7_unit_tag\" value=\"wpcf7-f318-o1\" \/>\n<input type=\"hidden\" name=\"_wpcf7_container_post\" value=\"0\" \/>\n<input type=\"hidden\" name=\"_wpcf7_posted_data_hash\" value=\"\" \/>\n<\/div>\n<div id=\"contact-form-wrapper\">\n\t<p><span class=\"wpcf7-form-control-wrap\" data-name=\"your-name\"><input size=\"40\" class=\"wpcf7-form-control wpcf7-text wpcf7-validates-as-required form-control\" aria-required=\"true\" aria-invalid=\"false\" placeholder=\"Nombre\" value=\"\" type=\"text\" name=\"your-name\" \/><\/span><br \/>\n<span class=\"wpcf7-form-control-wrap\" data-name=\"your-email\"><input size=\"40\" class=\"wpcf7-form-control wpcf7-email wpcf7-validates-as-required wpcf7-text wpcf7-validates-as-email form-control\" aria-required=\"true\" aria-invalid=\"false\" placeholder=\"E-mail\" value=\"\" type=\"email\" name=\"your-email\" \/><\/span><br \/>\n<span class=\"wpcf7-form-control-wrap\" data-name=\"your-message\"><textarea cols=\"40\" rows=\"10\" class=\"wpcf7-form-control wpcf7-textarea form-control\" aria-invalid=\"false\" placeholder=\"Mensaje\" name=\"your-message\"><\/textarea><\/span><br \/>\n<input class=\"wpcf7-form-control wpcf7-submit has-spinner btn btn-custom\" type=\"submit\" value=\"Enviar\" \/>\n\t<\/p>\n<\/div><div class=\"wpcf7-response-output\" aria-hidden=\"true\"><\/div>\n<input type=\"hidden\" name=\"trp-form-language\" value=\"es\"\/><\/form>\n<\/div>\n<\/div><\/div><\/div><div class=\"wpb_column vc_column_container vc_col-sm-12\"><div class=\"vc_column-inner vc_custom_1456218713648\"><div class=\"wpb_wrapper\"  ><div class=\"vc_separator wpb_content_element vc_separator_align_center vc_sep_width_100 vc_sep_pos_align_center vc_separator_no_text vc_sep_color_grey vc_custom_1456084319312 wpb_content_element  vc_custom_1456084319312 wpb_content_element\" ><span class=\"vc_sep_holder vc_sep_holder_l\"><span class=\"vc_sep_line\"><\/span><\/span><span class=\"vc_sep_holder vc_sep_holder_r\"><span class=\"vc_sep_line\"><\/span><\/span>\n<\/div><\/div><\/div><\/div><div class=\"wpb_column vc_column_container vc_col-sm-12\"><div class=\"vc_column-inner\"><div class=\"wpb_wrapper wow fadeInDown\"  >\n\t<div class=\"text-center\">\n        <h2 class=\"heading wow fadeInUp\" data-wow-delay=\"0\"><\/p>\n<h2>OFICINAS<\/h2>\n<p><\/h2>\n        <div class=\"small-border wow flipInY\" data-wow-delay=\".2s\" data-wow-duration=\".8s\"><\/div>\n    <\/div>\t\n\t\n<\/div><\/div><\/div><\/div><\/div><div class=\"clearfix\"><\/div><\/section><section class=\"wpb_row vc_row-fluid vc_custom_1456085365155\"><div class=\"container\"><div class=\"row\"><div class=\"wpb_column vc_column_container vc_col-sm-3\"><div class=\"vc_column-inner\"><div class=\"wpb_wrapper\"  ><\/div><\/div><\/div><div class=\"wpb_column vc_column_container vc_col-sm-3\"><div class=\"vc_column-inner\"><div class=\"wpb_wrapper wow fadeInLeft\"  >\t\n\n\t<div class=\"contact_info\">\n\t\t<h3>CIUDAD DE M\u00c9XICO<\/h3>\n\t    Calz. San Juan de Arag\u00f3n 439,<br \/>\nDM Nacional, San Pedro el Chico,<br \/>\nGustavo A. Madero, 07450<br \/>\nCiudad de M\u00e9xico, CDMX\t    <div class=\"divider-single\"><\/div>\n\t    <a href=\"https:\/\/www.google.com\/maps\/place\/Calz.+San+Juan+de+Arag%C3%B3n+439,+DM+Nacional,+San+Pedro+el+Chico,+Gustavo+A.+Madero,+07450+Ciudad+de+M%C3%A9xico,+CDMX\/@19.4770256,-99.0983278,17z\/data=!3m1!4b1!4m6!3m5!1s0x85d1fbd3f4e72359:0xc8c3c76995c2b4d!8m2!3d19.4770206!4d-99.0957529!16s%2Fg%2F11m41qxjyw?entry=ttu\" class=\"btn-border popup-gmaps\" title=\"VER UBICACI\u00d3N\" target=\"_blank\">VER UBICACI\u00d3N<\/a> \n\t<\/div>\t      \n\n<\/div><\/div><\/div><div class=\"wpb_column vc_column_container vc_col-sm-3\"><div class=\"vc_column-inner\"><div class=\"wpb_wrapper wow fadeInRight\"  >\t\n\n\t<div class=\"contact_info\">\n\t\t<h3>VERACRUZ<\/h3>\n\t    C. 3 Carabelas 130,<br \/>\nVirginia, 94294 Veracruz,<br \/>\nVeracruz, M\u00e9xico\t    <div class=\"divider-single\"><\/div>\n\t    <a href=\"https:\/\/www.google.com\/maps\/place\/Punto130+Business+Center+%7C+Coworking+Veracruz+%7C+Oficinas+De+Renta+Mensual+%7C+Salon+De+Usos+Multiples\/@19.1678967,-96.1701977,14z\/data=!4m10!1m2!2m1!1scoworking!3m6!1s0x85c341131a632ec5:0x8c56b6588404e6fe!8m2!3d19.1663245!4d-96.1232856!15sCgljb3dvcmtpbmeSAR1leGVjdXRpdmVfc3VpdGVfcmVudGFsX2FnZW5jeeABAA!16s%2Fg%2F11qnq_cd42?entry=ttu\" class=\"btn-border popup-gmaps\" title=\"VER UBICACI\u00d3N\" target=\"_blank\">VER UBICACI\u00d3N<\/a> \n\t<\/div>\t      \n\n<\/div><\/div><\/div><div class=\"wpb_column vc_column_container vc_col-sm-3\"><div class=\"vc_column-inner\"><div class=\"wpb_wrapper\"  ><\/div><\/div><\/div><\/div><\/div><div class=\"clearfix\"><\/div><\/section>\n<\/div>","protected":false},"excerpt":{"rendered":"OFFICES MEXICO CITY Calz. San Juan de Arag\u00f3n 439, DM Nacional, San Pedro el Chico, Gustavo A. Madero, 07450 Ciudad de M\u00e9xico, CDMX View Location VERACRUZ C. 3 Carabelas 130, Virginia, 94294 Veracruz, Veracruz, M\u00e9xico View Location","protected":false},"author":1,"featured_media":0,"parent":0,"menu_order":0,"comment_status":"closed","ping_status":"closed","template":"page-templates\/template-fullwidth.php","meta":{"footnotes":""},"class_list":["post-55","page","type-page","status-publish","hentry"],"_links":{"self":[{"href":"https:\/\/www.meridian-cargo.com\/es\/wp-json\/wp\/v2\/pages\/55","targetHints":{"allow":["GET"]}}],"collection":[{"href":"https:\/\/www.meridian-cargo.com\/es\/wp-json\/wp\/v2\/pages"}],"about":[{"href":"https:\/\/www.meridian-cargo.com\/es\/wp-json\/wp\/v2\/types\/page"}],"author":[{"embeddable":true,"href":"https:\/\/www.meridian-cargo.com\/es\/wp-json\/wp\/v2\/users\/1"}],"replies":[{"embeddable":true,"href":"https:\/\/www.meridian-cargo.com\/es\/wp-json\/wp\/v2\/comments?post=55"}],"version-history":[{"count":10,"href":"https:\/\/www.meridian-cargo.com\/es\/wp-json\/wp\/v2\/pages\/55\/revisions"}],"predecessor-version":[{"id":864,"href":"https:\/\/www.meridian-cargo.com\/es\/wp-json\/wp\/v2\/pages\/55\/revisions\/864"}],"wp:attachment":[{"href":"https:\/\/www.meridian-cargo.com\/es\/wp-json\/wp\/v2\/media?parent=55"}],"curies":[{"name":"wp","href":"https:\/\/api.w.org\/{rel}","templated":true}]}}